{"id":1488,"date":"2011-04-27T14:39:00","date_gmt":"2011-04-27T12:39:00","guid":{"rendered":"http:\/\/fenetresurchamps.com\/?post_type=jetpack-portfolio&#038;p=1488"},"modified":"2022-03-03T11:06:53","modified_gmt":"2022-03-03T10:06:53","slug":"portfolio-4","status":"publish","type":"jetpack-portfolio","link":"https:\/\/fenetresurchamps.com\/index.php\/portfolio\/portfolio-4\/","title":{"rendered":"La main de demain"},"content":{"rendered":"\n<h4><span class=\"has-inline-color has-white-color\">3 films (l&rsquo;huile d&rsquo;olive, le pain, le cri)<br><strong><strong><strong>2011, HD, 46 minutes<\/strong><\/strong><\/strong><\/span><\/h4>\n\n\n\n<div class=\"wp-block-columns\">\n<div class=\"wp-block-column\" style=\"flex-basis:33.33%\">\n<figure class=\"wp-block-image size-large\"><img data-attachment-id=\"1652\" data-permalink=\"https:\/\/fenetresurchamps.com\/la-main-de-demain\/\" data-orig-file=\"https:\/\/i1.wp.com\/fenetresurchamps.com\/wp-content\/uploads\/2021\/04\/La-main-de-demain.jpg?fit=512%2C713&amp;ssl=1\" data-orig-size=\"512,713\" data-comments-opened=\"1\" data-image-meta=\"{&quot;aperture&quot;:&quot;0&quot;,&quot;credit&quot;:&quot;&quot;,&quot;camera&quot;:&quot;&quot;,&quot;caption&quot;:&quot;&quot;,&quot;created_timestamp&quot;:&quot;0&quot;,&quot;copyright&quot;:&quot;&quot;,&quot;focal_length&quot;:&quot;0&quot;,&quot;iso&quot;:&quot;0&quot;,&quot;shutter_speed&quot;:&quot;0&quot;,&quot;title&quot;:&quot;&quot;,&quot;orientation&quot;:&quot;1&quot;}\" data-image-title=\"La main de demain\" data-image-description=\"\" data-image-caption=\"\" data-medium-file=\"https:\/\/i1.wp.com\/fenetresurchamps.com\/wp-content\/uploads\/2021\/04\/La-main-de-demain.jpg?fit=215%2C300&amp;ssl=1\" data-large-file=\"https:\/\/i1.wp.com\/fenetresurchamps.com\/wp-content\/uploads\/2021\/04\/La-main-de-demain.jpg?fit=512%2C713&amp;ssl=1\" loading=\"lazy\" width=\"512\" height=\"713\" src=\"https:\/\/i1.wp.com\/fenetresurchamps.com\/wp-content\/uploads\/2021\/04\/La-main-de-demain.jpg?resize=512%2C713&#038;ssl=1\" alt=\"\" class=\"wp-image-1652\" srcset=\"https:\/\/i1.wp.com\/fenetresurchamps.com\/wp-content\/uploads\/2021\/04\/La-main-de-demain.jpg?w=512&amp;ssl=1 512w, https:\/\/i1.wp.com\/fenetresurchamps.com\/wp-content\/uploads\/2021\/04\/La-main-de-demain.jpg?resize=215%2C300&amp;ssl=1 215w, https:\/\/i1.wp.com\/fenetresurchamps.com\/wp-content\/uploads\/2021\/04\/La-main-de-demain.jpg?resize=83%2C116&amp;ssl=1 83w\" sizes=\"(max-width: 512px) 100vw, 512px\" data-recalc-dims=\"1\" \/><\/figure>\n\n\n\n<p><br><span class=\"has-inline-color has-white-color\">Production :<strong> Fen\u00eatre sur champs<\/strong><br>Sc\u00e9nario et r\u00e9alisation :<br><strong>Jean-Pierre Lenoir <\/strong><br>Image : <br><strong>Jean-Pierre Lenoir<\/strong><br>Montage :<br><strong>Jean-Pierre Lenoir<\/strong><\/span><\/p>\n<\/div>\n\n\n\n<div class=\"wp-block-column\" style=\"flex-basis:66.66%\">\n<figure class=\"wp-block-embed is-type-video is-provider-vimeo wp-block-embed-vimeo wp-embed-aspect-1-1 wp-has-aspect-ratio\"><div class=\"wp-block-embed__wrapper\">\n<div class=\"jetpack-video-wrapper\"><iframe loading=\"lazy\" title=\"Le cri (O grito)\" src=\"https:\/\/player.vimeo.com\/video\/19394858?h=55b0fda33c&amp;dnt=1&amp;app_id=122963\" width=\"640\" height=\"512\" frameborder=\"0\" allow=\"autoplay; fullscreen; picture-in-picture\" allowfullscreen><\/iframe><\/div>\n<\/div><\/figure>\n\n\n\n<h6><span class=\"has-inline-color has-white-color\">R\u00e9sum\u00e9<\/span><\/h6>\n\n\n\n<p><span class=\"has-inline-color has-white-color\">Cette s\u00e9rie\u00a0 documentaire de 3 films explore le monde du travail de la main, sous l\u2019angle artistique et humain.<br>Des portraits cin\u00e9matographiques, des d\u00e9marches et des savoir-faire singuliers, sans commentaire.<\/span><\/p>\n\n\n\n<p><span class=\"has-inline-color has-white-color\">&#8211;\u00a0LE CRI (O GRITO)\u00a0(13\u2019)<br>Portrait de Toko, jeune sculpteur angolais\u00a0<br>Avec la collaboration de la Fondation Blach\u00e8re, centre d\u2019art contemporain africain.<\/span><\/p>\n\n\n\n<p><span class=\"has-inline-color has-white-color\"><em>Festivals<\/em>\u00a0:<br><em>Beach festival du documentaire 3\u00e8me \u00e9dition (Cameroun)<br>Rencontres Audiovisuelles de Douala (RADO)<\/em><\/span><\/p>\n\n\n\n<p><span class=\"has-inline-color has-white-color\">&#8211;\u00a0LE PAIN\u00a0(14\u2019)<br>Portrait de Benoit, boulanger \u00e0 Cucuron<\/span><\/p>\n\n\n\n<figure class=\"wp-block-embed is-type-video is-provider-vimeo wp-block-embed-vimeo wp-embed-aspect-16-9 wp-has-aspect-ratio\"><div class=\"wp-block-embed__wrapper\">\n<div class=\"jetpack-video-wrapper\"><iframe loading=\"lazy\" title=\"La main de demain (II)\" src=\"https:\/\/player.vimeo.com\/video\/20212941?h=659e6d7e67&amp;dnt=1&amp;app_id=122963\" width=\"1140\" height=\"641\" frameborder=\"0\" allow=\"autoplay; fullscreen; picture-in-picture\" allowfullscreen><\/iframe><\/div>\n<\/div><\/figure>\n\n\n\n<p><span class=\"has-inline-color has-white-color\"><em>Festivals<\/em>\u00a0:<br><em>Festival Fen\u00eatre sur courts (Avignon)<br>22\u00e8me festival international du film vid\u00e9o de V\u00e9bron<br>18\u00e8me festival du film de Lama (Corse)\u00a0<\/em><\/span><\/p>\n\n\n\n<p><span class=\"has-inline-color has-white-color\">&#8211; L\u2019HUILE D\u2019OLIVE\u00a0 (11\u2019)<br>Le moulin \u00e0 huile de l\u2019ESAT du Grand R\u00e9al<\/span><br><\/p>\n\n\n\n<figure class=\"wp-block-embed is-type-video is-provider-vimeo wp-block-embed-vimeo wp-embed-aspect-16-9 wp-has-aspect-ratio\"><div class=\"wp-block-embed__wrapper\">\n<div class=\"jetpack-video-wrapper\"><iframe loading=\"lazy\" title=\"La main de demain (I)\" src=\"https:\/\/player.vimeo.com\/video\/15224733?h=73a809338b&amp;dnt=1&amp;app_id=122963\" width=\"1140\" height=\"641\" frameborder=\"0\" allow=\"autoplay; fullscreen; picture-in-picture\" allowfullscreen><\/iframe><\/div>\n<\/div><\/figure>\n<\/div>\n<\/div>\n","protected":false},"excerpt":{"rendered":"<p>2011<br \/>\nHD<br \/>\n46 minutes<br \/>\nLe monde du travail artisanal, sous l\u2019angle artistique et humain.<\/p>\n","protected":false},"author":1,"featured_media":1652,"comment_status":"closed","ping_status":"closed","template":"","meta":{"advanced_seo_description":"","spay_email":""},"jetpack-portfolio-type":[153],"jetpack-portfolio-tag":[],"jetpack-related-posts":[{"id":2628,"url":"https:\/\/fenetresurchamps.com\/index.php\/portfolio\/valmy\/","url_meta":{"origin":1488,"position":0},"title":"Valmy \u00ab\u00a0L&rsquo;appel\u00a0\u00bb","date":"4 mai 2021","format":false,"excerpt":"2013 couleur 5'45 minutes Clip du groupe de rock Valmy","rel":"","context":"Article similaire","img":{"alt_text":"","src":"https:\/\/i2.wp.com\/fenetresurchamps.com\/wp-content\/uploads\/2021\/05\/Capture-decran-2021-05-04-a-19.15.12.png?fit=1200%2C747&ssl=1&resize=350%2C200","width":350,"height":200},"classes":[]},{"id":2215,"url":"https:\/\/fenetresurchamps.com\/index.php\/portfolio\/deux-ou-trois-choses-de-la-vie-darlette\/","url_meta":{"origin":1488,"position":1},"title":"Deux ou trois choses de la vie d&rsquo;Arlette","date":"1 mai 2013","format":false,"excerpt":"2013 HD 15 minutes couleur Portrait d'Arlette, r\u00e9sidente de l\u2019ESAT du Grand R\u00e9al","rel":"","context":"Article similaire","img":{"alt_text":"","src":"https:\/\/i0.wp.com\/fenetresurchamps.com\/wp-content\/uploads\/2013\/05\/2-ou-3-choses-de-la-vie-dArlette.jpg?fit=847%2C1200&ssl=1&resize=350%2C200","width":350,"height":200},"classes":[]},{"id":2235,"url":"https:\/\/fenetresurchamps.com\/index.php\/portfolio\/la-tete-dans-le-sac\/","url_meta":{"origin":1488,"position":2},"title":"La t\u00eate dans le sac","date":"1 mai 2004","format":false,"excerpt":"2004 20 minutes couleur","rel":"","context":"Article similaire","img":{"alt_text":"","src":"https:\/\/i1.wp.com\/fenetresurchamps.com\/wp-content\/uploads\/1994\/05\/Tete-dans-le-sac-Affiche.jpg?fit=1181%2C874&ssl=1&resize=350%2C200","width":350,"height":200},"classes":[]},{"id":2411,"url":"https:\/\/fenetresurchamps.com\/index.php\/portfolio\/une-etrange-arrivee\/","url_meta":{"origin":1488,"position":3},"title":"Une \u00e9trange arriv\u00e9e","date":"1 avril 2002","format":false,"excerpt":"2002 Betacam SP 25 minutes couleur","rel":"","context":"Article similaire","img":{"alt_text":"","src":"https:\/\/i2.wp.com\/fenetresurchamps.com\/wp-content\/uploads\/2021\/05\/Une-etrange-arrivee.-FIPA-2003.jpg?fit=958%2C640&ssl=1&resize=350%2C200","width":350,"height":200},"classes":[]},{"id":1485,"url":"https:\/\/fenetresurchamps.com\/index.php\/portfolio\/portfolio-3\/","url_meta":{"origin":1488,"position":4},"title":"Sur les pas du loup","date":"27 avril 2020","format":false,"excerpt":"2020 4K UHD 26 minutes couleur Ascension du Sommet des Monges avec un groupe d\u2019adultes autistes, associ\u00e9e \u00e0 des extraits litt\u00e9raires sur le th\u00e8me de l\u2019empathie.","rel":"","context":"Article similaire","img":{"alt_text":"Affiche Sur les pas du loup","src":"https:\/\/i1.wp.com\/fenetresurchamps.com\/wp-content\/uploads\/2021\/04\/Affiche-1-scaled.jpg?fit=1200%2C900&ssl=1&resize=350%2C200","width":350,"height":200},"classes":[]},{"id":1716,"url":"https:\/\/fenetresurchamps.com\/index.php\/portfolio\/nounou-senegal-notre-senegal\/","url_meta":{"origin":1488,"position":5},"title":"Sounou S\u00e9n\u00e9gal (Notre S\u00e9n\u00e9gal)","date":"27 avril 2006","format":false,"excerpt":"2006, France 5 HD et super 8 52 minutes N&B et couleur L\u2019h\u00f4tel \u00ab La Croix du Sud\u00bb \u00e0 Dakar","rel":"","context":"Article similaire","img":{"alt_text":"Sounou S\u00e9n\u00e9gal","src":"https:\/\/i0.wp.com\/fenetresurchamps.com\/wp-content\/uploads\/2021\/04\/Harmattan-DVD.jpg?fit=863%2C1200&ssl=1&resize=350%2C200","width":350,"height":200},"classes":[]}],"_links":{"self":[{"href":"https:\/\/fenetresurchamps.com\/index.php\/wp-json\/wp\/v2\/jetpack-portfolio\/1488"}],"collection":[{"href":"https:\/\/fenetresurchamps.com\/index.php\/wp-json\/wp\/v2\/jetpack-portfolio"}],"about":[{"href":"https:\/\/fenetresurchamps.com\/index.php\/wp-json\/wp\/v2\/types\/jetpack-portfolio"}],"author":[{"embeddable":true,"href":"https:\/\/fenetresurchamps.com\/index.php\/wp-json\/wp\/v2\/users\/1"}],"replies":[{"embeddable":true,"href":"https:\/\/fenetresurchamps.com\/index.php\/wp-json\/wp\/v2\/comments?post=1488"}],"version-history":[{"count":25,"href":"https:\/\/fenetresurchamps.com\/index.php\/wp-json\/wp\/v2\/jetpack-portfolio\/1488\/revisions"}],"predecessor-version":[{"id":3899,"href":"https:\/\/fenetresurchamps.com\/index.php\/wp-json\/wp\/v2\/jetpack-portfolio\/1488\/revisions\/3899"}],"wp:featuredmedia":[{"embeddable":true,"href":"https:\/\/fenetresurchamps.com\/index.php\/wp-json\/wp\/v2\/media\/1652"}],"wp:attachment":[{"href":"https:\/\/fenetresurchamps.com\/index.php\/wp-json\/wp\/v2\/media?parent=1488"}],"wp:term":[{"taxonomy":"jetpack-portfolio-type","embeddable":true,"href":"https:\/\/fenetresurchamps.com\/index.php\/wp-json\/wp\/v2\/jetpack-portfolio-type?post=1488"},{"taxonomy":"jetpack-portfolio-tag","embeddable":true,"href":"https:\/\/fenetresurchamps.com\/index.php\/wp-json\/wp\/v2\/jetpack-portfolio-tag?post=1488"}],"curies":[{"name":"wp","href":"https:\/\/api.w.org\/{rel}","templated":true}]}}