{"id":2399,"date":"1994-03-01T19:29:00","date_gmt":"1994-03-01T18:29:00","guid":{"rendered":"https:\/\/fenetresurchamps.com\/?post_type=jetpack-portfolio&#038;p=2399"},"modified":"2022-03-03T10:53:13","modified_gmt":"2022-03-03T09:53:13","slug":"1-maison-avec-un-toit","status":"publish","type":"jetpack-portfolio","link":"https:\/\/fenetresurchamps.com\/index.php\/portfolio\/1-maison-avec-un-toit\/","title":{"rendered":"Une maison avec un toit"},"content":{"rendered":"\n<h4><span class=\"has-inline-color has-white-color\"><strong><strong><strong>1994, 10 minutes, couleur<\/strong><\/strong><\/strong>, arte<\/span><\/h4>\n\n\n\n<p style=\"font-size:18px\"><span class=\"has-inline-color has-white-color\">Diffusion : <strong>ARTE<\/strong><\/span><\/p>\n\n\n\n<div data-carousel-extra='{\"blog_id\":1,\"permalink\":\"https:\\\/\\\/fenetresurchamps.com\\\/index.php\\\/portfolio\\\/1-maison-avec-un-toit\\\/\"}' class=\"wp-block-columns\">\n<div data-carousel-extra='{\"blog_id\":1,\"permalink\":\"https:\\\/\\\/fenetresurchamps.com\\\/index.php\\\/portfolio\\\/1-maison-avec-un-toit\\\/\"}' class=\"wp-block-column\" style=\"flex-basis:33.33%\">\n<figure class=\"wp-block-image size-large\"><img loading=\"lazy\" width=\"1024\" height=\"672\" src=\"https:\/\/i1.wp.com\/fenetresurchamps.com\/wp-content\/uploads\/1994\/05\/UNE-MAISON-PHOTO1.jpg?resize=1024%2C672&#038;ssl=1\" alt=\"\" class=\"wp-image-2300\" srcset=\"https:\/\/i1.wp.com\/fenetresurchamps.com\/wp-content\/uploads\/1994\/05\/UNE-MAISON-PHOTO1.jpg?resize=1024%2C672&amp;ssl=1 1024w, https:\/\/i1.wp.com\/fenetresurchamps.com\/wp-content\/uploads\/1994\/05\/UNE-MAISON-PHOTO1.jpg?resize=300%2C197&amp;ssl=1 300w, https:\/\/i1.wp.com\/fenetresurchamps.com\/wp-content\/uploads\/1994\/05\/UNE-MAISON-PHOTO1.jpg?resize=768%2C504&amp;ssl=1 768w, https:\/\/i1.wp.com\/fenetresurchamps.com\/wp-content\/uploads\/1994\/05\/UNE-MAISON-PHOTO1.jpg?resize=177%2C116&amp;ssl=1 177w, https:\/\/i1.wp.com\/fenetresurchamps.com\/wp-content\/uploads\/1994\/05\/UNE-MAISON-PHOTO1.jpg?w=1181&amp;ssl=1 1181w\" sizes=\"(max-width: 1024px) 100vw, 1024px\" data-recalc-dims=\"1\" \/><\/figure>\n\n\n\n<p><br><span class=\"has-inline-color has-white-color\">S\u00e9rie \u201cpremi\u00e8res vues\u201d sur la th\u00e9matique de \u00abDEMAIN\u00bb<br>Ima productions<br>Distribu\u00e9 par L\u2019Harmattan Vid\u00e9o<br>Inclus dans le DVD \u00ab\u00a0Gosses de Roubaix\u00a0\u00bb<\/span><\/p>\n\n\n\n<p><span class=\"has-inline-color has-white-color\">Image et r\u00e9alisation : <strong>Jean-Pierre Lenoir<\/strong><br>Assistant r\u00e9alisateur et ing\u00e9nieur du son : <strong>Ali Essafi<\/strong><br>Montage : <strong>Dominique Barbier, Alberto Yaccelini<\/strong><br>Mixage : <strong>Philippe Fabry<\/strong><br>Conformation : <strong>Georges Tillard<\/strong><br>Musique : <strong>Rabih Abou Khalil<\/strong><br>Direction artistique : <strong>Patrick Volson<\/strong><br>Production ex\u00e9cutive : <strong>Catherine Arnaud<\/strong><br>Direction de production : <strong>Enzo Gallo<\/strong><br>Producteurs d\u00e9l\u00e9gu\u00e9s : <strong>Georges Benayoun, Paul Rozenberg<\/strong><br>Assistante de production : <strong>Juliette Guigon<\/strong><br>Secr\u00e9taire de production : <strong>Amanda Goldsztejn<\/strong><br>Coproduction : <strong>la sept\/arte<\/strong><br>Unit\u00e9 de programme: <strong>Thierry Garrel <\/strong><\/span><\/p>\n<\/div>\n\n\n\n<div data-carousel-extra='{\"blog_id\":1,\"permalink\":\"https:\\\/\\\/fenetresurchamps.com\\\/index.php\\\/portfolio\\\/1-maison-avec-un-toit\\\/\"}' class=\"wp-block-column\" style=\"flex-basis:66.66%\">\n<figure class=\"wp-block-embed is-type-video is-provider-vimeo wp-block-embed-vimeo wp-embed-aspect-4-3 wp-has-aspect-ratio\"><div data-carousel-extra='{\"blog_id\":1,\"permalink\":\"https:\\\/\\\/fenetresurchamps.com\\\/index.php\\\/portfolio\\\/1-maison-avec-un-toit\\\/\"}' class=\"wp-block-embed__wrapper\">\n<div class=\"jetpack-video-wrapper\"><iframe loading=\"lazy\" title=\"Une maison avec un toit\" src=\"https:\/\/player.vimeo.com\/video\/372249361?dnt=1&amp;app_id=122963\" width=\"720\" height=\"540\" frameborder=\"0\" allow=\"autoplay; fullscreen; picture-in-picture\" allowfullscreen><\/iframe><\/div>\n<\/div><\/figure>\n\n\n\n<h6><span class=\"has-inline-color has-white-color\">R\u00e9sum\u00e9<\/span><\/h6>\n\n\n\n<p><span class=\"has-inline-color has-white-color\">Patricia et ses cinq enfants obtiennent un logement social et d\u00e9m\u00e9nagent une nouvelle fois dans Roubaix. Ils vivaient, pr\u00e8s de la gare, dans un appartement de la ville, sans chauffage, depuis 3 ans. Ils vont habiter pour la premi\u00e8re fois dans une maison neuve, r\u00e9habilit\u00e9e. Si Patricia n&rsquo;exprime pas sa joie, c&rsquo;est parce que sa situation familiale et sociale, au del\u00e0 de ce d\u00e9m\u00e9nagement, reste tr\u00e8s pr\u00e9caire. Un demain fragile qui se joue pour ses enfants dans l&rsquo;espace blanc et vide de ce nouveau lieu d&rsquo;habitation. St\u00e9phane, Toni, \u00e2g\u00e9s de 7 et 8 ans, y expriment leurs \u00ab\u00a0d\u00e9sirs\u00a0\u00bb de maison.<\/span><\/p>\n\n\n\n<h6><span class=\"has-inline-color has-white-color\">Presse<\/span><\/h6>\n\n\n\n<figure class=\"wp-block-gallery columns-5 is-cropped\"><ul data-carousel-extra='{\"blog_id\":1,\"permalink\":\"https:\\\/\\\/fenetresurchamps.com\\\/index.php\\\/portfolio\\\/1-maison-avec-un-toit\\\/\"}' class=\"blocks-gallery-grid\"><li class=\"blocks-gallery-item\"><figure><a href=\"https:\/\/i1.wp.com\/fenetresurchamps.com\/wp-content\/uploads\/1994\/05\/PREMIERES-VUES-ARTE-PROG.jpg?ssl=1\"><img data-attachment-id=\"2295\" data-permalink=\"https:\/\/fenetresurchamps.com\/premieres-vues-arte-prog\/\" data-orig-file=\"https:\/\/i1.wp.com\/fenetresurchamps.com\/wp-content\/uploads\/1994\/05\/PREMIERES-VUES-ARTE-PROG.jpg?fit=1733%2C2468&amp;ssl=1\" data-orig-size=\"1733,2468\" data-comments-opened=\"1\" data-image-meta=\"{&quot;aperture&quot;:&quot;0&quot;,&quot;credit&quot;:&quot;&quot;,&quot;camera&quot;:&quot;&quot;,&quot;caption&quot;:&quot;&quot;,&quot;created_timestamp&quot;:&quot;0&quot;,&quot;copyright&quot;:&quot;&quot;,&quot;focal_length&quot;:&quot;0&quot;,&quot;iso&quot;:&quot;0&quot;,&quot;shutter_speed&quot;:&quot;0&quot;,&quot;title&quot;:&quot;&quot;,&quot;orientation&quot;:&quot;1&quot;}\" data-image-title=\"PREMIERES VUES ARTE PROG\" data-image-description=\"\" data-image-caption=\"\" data-medium-file=\"https:\/\/i1.wp.com\/fenetresurchamps.com\/wp-content\/uploads\/1994\/05\/PREMIERES-VUES-ARTE-PROG.jpg?fit=211%2C300&amp;ssl=1\" data-large-file=\"https:\/\/i1.wp.com\/fenetresurchamps.com\/wp-content\/uploads\/1994\/05\/PREMIERES-VUES-ARTE-PROG.jpg?fit=719%2C1024&amp;ssl=1\" loading=\"lazy\" width=\"150\" height=\"150\" src=\"https:\/\/i1.wp.com\/fenetresurchamps.com\/wp-content\/uploads\/1994\/05\/PREMIERES-VUES-ARTE-PROG.jpg?resize=150%2C150&#038;ssl=1\" alt=\"\" data-id=\"2295\" data-full-url=\"https:\/\/fenetresurchamps.com\/wp-content\/uploads\/1994\/05\/PREMIERES-VUES-ARTE-PROG.jpg\" data-link=\"https:\/\/fenetresurchamps.com\/index.php\/portfolio\/une-maison-avec-un-toit\/premieres-vues-arte-prog\/\" class=\"wp-image-2295\" srcset=\"https:\/\/i1.wp.com\/fenetresurchamps.com\/wp-content\/uploads\/1994\/05\/PREMIERES-VUES-ARTE-PROG.jpg?resize=150%2C150&amp;ssl=1 150w, https:\/\/i1.wp.com\/fenetresurchamps.com\/wp-content\/uploads\/1994\/05\/PREMIERES-VUES-ARTE-PROG.jpg?resize=50%2C50&amp;ssl=1 50w, https:\/\/i1.wp.com\/fenetresurchamps.com\/wp-content\/uploads\/1994\/05\/PREMIERES-VUES-ARTE-PROG.jpg?zoom=2&amp;resize=150%2C150&amp;ssl=1 300w, https:\/\/i1.wp.com\/fenetresurchamps.com\/wp-content\/uploads\/1994\/05\/PREMIERES-VUES-ARTE-PROG.jpg?zoom=3&amp;resize=150%2C150&amp;ssl=1 450w\" sizes=\"(max-width: 150px) 100vw, 150px\" data-recalc-dims=\"1\" \/><\/a><\/figure><\/li><li class=\"blocks-gallery-item\"><figure><a href=\"https:\/\/i2.wp.com\/fenetresurchamps.com\/wp-content\/uploads\/1994\/05\/PREMIERES-VUES.jpg?ssl=1\"><img data-attachment-id=\"2296\" data-permalink=\"https:\/\/fenetresurchamps.com\/premieres-vues\/\" data-orig-file=\"https:\/\/i2.wp.com\/fenetresurchamps.com\/wp-content\/uploads\/1994\/05\/PREMIERES-VUES.jpg?fit=1737%2C2480&amp;ssl=1\" data-orig-size=\"1737,2480\" data-comments-opened=\"1\" data-image-meta=\"{&quot;aperture&quot;:&quot;0&quot;,&quot;credit&quot;:&quot;&quot;,&quot;camera&quot;:&quot;&quot;,&quot;caption&quot;:&quot;&quot;,&quot;created_timestamp&quot;:&quot;0&quot;,&quot;copyright&quot;:&quot;&quot;,&quot;focal_length&quot;:&quot;0&quot;,&quot;iso&quot;:&quot;0&quot;,&quot;shutter_speed&quot;:&quot;0&quot;,&quot;title&quot;:&quot;&quot;,&quot;orientation&quot;:&quot;1&quot;}\" data-image-title=\"PREMIERES VUES\" data-image-description=\"\" data-image-caption=\"\" data-medium-file=\"https:\/\/i2.wp.com\/fenetresurchamps.com\/wp-content\/uploads\/1994\/05\/PREMIERES-VUES.jpg?fit=210%2C300&amp;ssl=1\" data-large-file=\"https:\/\/i2.wp.com\/fenetresurchamps.com\/wp-content\/uploads\/1994\/05\/PREMIERES-VUES.jpg?fit=717%2C1024&amp;ssl=1\" loading=\"lazy\" width=\"150\" height=\"150\" src=\"https:\/\/i2.wp.com\/fenetresurchamps.com\/wp-content\/uploads\/1994\/05\/PREMIERES-VUES.jpg?resize=150%2C150&#038;ssl=1\" alt=\"\" data-id=\"2296\" data-full-url=\"https:\/\/fenetresurchamps.com\/wp-content\/uploads\/1994\/05\/PREMIERES-VUES.jpg\" data-link=\"https:\/\/fenetresurchamps.com\/index.php\/portfolio\/une-maison-avec-un-toit\/premieres-vues\/\" class=\"wp-image-2296\" srcset=\"https:\/\/i2.wp.com\/fenetresurchamps.com\/wp-content\/uploads\/1994\/05\/PREMIERES-VUES.jpg?resize=150%2C150&amp;ssl=1 150w, https:\/\/i2.wp.com\/fenetresurchamps.com\/wp-content\/uploads\/1994\/05\/PREMIERES-VUES.jpg?resize=50%2C50&amp;ssl=1 50w, https:\/\/i2.wp.com\/fenetresurchamps.com\/wp-content\/uploads\/1994\/05\/PREMIERES-VUES.jpg?zoom=2&amp;resize=150%2C150&amp;ssl=1 300w, https:\/\/i2.wp.com\/fenetresurchamps.com\/wp-content\/uploads\/1994\/05\/PREMIERES-VUES.jpg?zoom=3&amp;resize=150%2C150&amp;ssl=1 450w\" sizes=\"(max-width: 150px) 100vw, 150px\" data-recalc-dims=\"1\" \/><\/a><\/figure><\/li><li class=\"blocks-gallery-item\"><figure><a href=\"https:\/\/i1.wp.com\/fenetresurchamps.com\/wp-content\/uploads\/1994\/05\/UNE-MAISON-AVEC-UN-TOIT.jpg?ssl=1\"><img data-attachment-id=\"2297\" data-permalink=\"https:\/\/fenetresurchamps.com\/une-maison-avec-un-toit-2\/\" data-orig-file=\"https:\/\/i1.wp.com\/fenetresurchamps.com\/wp-content\/uploads\/1994\/05\/UNE-MAISON-AVEC-UN-TOIT.jpg?fit=1737%2C2463&amp;ssl=1\" data-orig-size=\"1737,2463\" data-comments-opened=\"1\" data-image-meta=\"{&quot;aperture&quot;:&quot;0&quot;,&quot;credit&quot;:&quot;&quot;,&quot;camera&quot;:&quot;&quot;,&quot;caption&quot;:&quot;&quot;,&quot;created_timestamp&quot;:&quot;0&quot;,&quot;copyright&quot;:&quot;&quot;,&quot;focal_length&quot;:&quot;0&quot;,&quot;iso&quot;:&quot;0&quot;,&quot;shutter_speed&quot;:&quot;0&quot;,&quot;title&quot;:&quot;&quot;,&quot;orientation&quot;:&quot;1&quot;}\" data-image-title=\"UNE MAISON AVEC UN TOIT\" data-image-description=\"\" data-image-caption=\"\" data-medium-file=\"https:\/\/i1.wp.com\/fenetresurchamps.com\/wp-content\/uploads\/1994\/05\/UNE-MAISON-AVEC-UN-TOIT.jpg?fit=212%2C300&amp;ssl=1\" data-large-file=\"https:\/\/i1.wp.com\/fenetresurchamps.com\/wp-content\/uploads\/1994\/05\/UNE-MAISON-AVEC-UN-TOIT.jpg?fit=722%2C1024&amp;ssl=1\" loading=\"lazy\" width=\"150\" height=\"150\" src=\"https:\/\/i1.wp.com\/fenetresurchamps.com\/wp-content\/uploads\/1994\/05\/UNE-MAISON-AVEC-UN-TOIT.jpg?resize=150%2C150&#038;ssl=1\" alt=\"\" data-id=\"2297\" data-full-url=\"https:\/\/fenetresurchamps.com\/wp-content\/uploads\/1994\/05\/UNE-MAISON-AVEC-UN-TOIT.jpg\" data-link=\"https:\/\/fenetresurchamps.com\/index.php\/portfolio\/une-maison-avec-un-toit\/une-maison-avec-un-toit-2\/\" class=\"wp-image-2297\" srcset=\"https:\/\/i1.wp.com\/fenetresurchamps.com\/wp-content\/uploads\/1994\/05\/UNE-MAISON-AVEC-UN-TOIT.jpg?resize=150%2C150&amp;ssl=1 150w, https:\/\/i1.wp.com\/fenetresurchamps.com\/wp-content\/uploads\/1994\/05\/UNE-MAISON-AVEC-UN-TOIT.jpg?resize=50%2C50&amp;ssl=1 50w, https:\/\/i1.wp.com\/fenetresurchamps.com\/wp-content\/uploads\/1994\/05\/UNE-MAISON-AVEC-UN-TOIT.jpg?zoom=2&amp;resize=150%2C150&amp;ssl=1 300w, https:\/\/i1.wp.com\/fenetresurchamps.com\/wp-content\/uploads\/1994\/05\/UNE-MAISON-AVEC-UN-TOIT.jpg?zoom=3&amp;resize=150%2C150&amp;ssl=1 450w\" sizes=\"(max-width: 150px) 100vw, 150px\" data-recalc-dims=\"1\" \/><\/a><\/figure><\/li><li class=\"blocks-gallery-item\"><figure><a href=\"https:\/\/i0.wp.com\/fenetresurchamps.com\/wp-content\/uploads\/1994\/05\/UNE-MAISON-LE-MONDE.jpg?ssl=1\"><img data-attachment-id=\"2298\" data-permalink=\"https:\/\/fenetresurchamps.com\/une-maison-le-monde\/\" data-orig-file=\"https:\/\/i0.wp.com\/fenetresurchamps.com\/wp-content\/uploads\/1994\/05\/UNE-MAISON-LE-MONDE.jpg?fit=1274%2C2496&amp;ssl=1\" data-orig-size=\"1274,2496\" data-comments-opened=\"1\" data-image-meta=\"{&quot;aperture&quot;:&quot;0&quot;,&quot;credit&quot;:&quot;&quot;,&quot;camera&quot;:&quot;&quot;,&quot;caption&quot;:&quot;&quot;,&quot;created_timestamp&quot;:&quot;0&quot;,&quot;copyright&quot;:&quot;&quot;,&quot;focal_length&quot;:&quot;0&quot;,&quot;iso&quot;:&quot;0&quot;,&quot;shutter_speed&quot;:&quot;0&quot;,&quot;title&quot;:&quot;&quot;,&quot;orientation&quot;:&quot;1&quot;}\" data-image-title=\"UNE MAISON LE MONDE\" data-image-description=\"\" data-image-caption=\"\" data-medium-file=\"https:\/\/i0.wp.com\/fenetresurchamps.com\/wp-content\/uploads\/1994\/05\/UNE-MAISON-LE-MONDE.jpg?fit=153%2C300&amp;ssl=1\" data-large-file=\"https:\/\/i0.wp.com\/fenetresurchamps.com\/wp-content\/uploads\/1994\/05\/UNE-MAISON-LE-MONDE.jpg?fit=523%2C1024&amp;ssl=1\" loading=\"lazy\" width=\"150\" height=\"150\" src=\"https:\/\/i0.wp.com\/fenetresurchamps.com\/wp-content\/uploads\/1994\/05\/UNE-MAISON-LE-MONDE.jpg?resize=150%2C150&#038;ssl=1\" alt=\"\" data-id=\"2298\" data-full-url=\"https:\/\/fenetresurchamps.com\/wp-content\/uploads\/1994\/05\/UNE-MAISON-LE-MONDE.jpg\" data-link=\"https:\/\/fenetresurchamps.com\/index.php\/portfolio\/une-maison-avec-un-toit\/une-maison-le-monde\/\" class=\"wp-image-2298\" srcset=\"https:\/\/i0.wp.com\/fenetresurchamps.com\/wp-content\/uploads\/1994\/05\/UNE-MAISON-LE-MONDE.jpg?resize=150%2C150&amp;ssl=1 150w, https:\/\/i0.wp.com\/fenetresurchamps.com\/wp-content\/uploads\/1994\/05\/UNE-MAISON-LE-MONDE.jpg?resize=50%2C50&amp;ssl=1 50w, https:\/\/i0.wp.com\/fenetresurchamps.com\/wp-content\/uploads\/1994\/05\/UNE-MAISON-LE-MONDE.jpg?zoom=2&amp;resize=150%2C150&amp;ssl=1 300w, https:\/\/i0.wp.com\/fenetresurchamps.com\/wp-content\/uploads\/1994\/05\/UNE-MAISON-LE-MONDE.jpg?zoom=3&amp;resize=150%2C150&amp;ssl=1 450w\" sizes=\"(max-width: 150px) 100vw, 150px\" data-recalc-dims=\"1\" \/><\/a><\/figure><\/li><li class=\"blocks-gallery-item\"><figure><a href=\"https:\/\/i0.wp.com\/fenetresurchamps.com\/wp-content\/uploads\/1994\/05\/UNE-MAISON-LIBE.jpg?ssl=1\"><img data-attachment-id=\"2299\" data-permalink=\"https:\/\/fenetresurchamps.com\/une-maison-libe\/\" data-orig-file=\"https:\/\/i0.wp.com\/fenetresurchamps.com\/wp-content\/uploads\/1994\/05\/UNE-MAISON-LIBE.jpg?fit=919%2C1966&amp;ssl=1\" data-orig-size=\"919,1966\" data-comments-opened=\"1\" data-image-meta=\"{&quot;aperture&quot;:&quot;0&quot;,&quot;credit&quot;:&quot;&quot;,&quot;camera&quot;:&quot;&quot;,&quot;caption&quot;:&quot;&quot;,&quot;created_timestamp&quot;:&quot;0&quot;,&quot;copyright&quot;:&quot;&quot;,&quot;focal_length&quot;:&quot;0&quot;,&quot;iso&quot;:&quot;0&quot;,&quot;shutter_speed&quot;:&quot;0&quot;,&quot;title&quot;:&quot;&quot;,&quot;orientation&quot;:&quot;1&quot;}\" data-image-title=\"UNE MAISON LIBE\" data-image-description=\"\" data-image-caption=\"\" data-medium-file=\"https:\/\/i0.wp.com\/fenetresurchamps.com\/wp-content\/uploads\/1994\/05\/UNE-MAISON-LIBE.jpg?fit=140%2C300&amp;ssl=1\" data-large-file=\"https:\/\/i0.wp.com\/fenetresurchamps.com\/wp-content\/uploads\/1994\/05\/UNE-MAISON-LIBE.jpg?fit=479%2C1024&amp;ssl=1\" loading=\"lazy\" width=\"150\" height=\"150\" src=\"https:\/\/i0.wp.com\/fenetresurchamps.com\/wp-content\/uploads\/1994\/05\/UNE-MAISON-LIBE.jpg?resize=150%2C150&#038;ssl=1\" alt=\"\" data-id=\"2299\" data-full-url=\"https:\/\/fenetresurchamps.com\/wp-content\/uploads\/1994\/05\/UNE-MAISON-LIBE.jpg\" data-link=\"https:\/\/fenetresurchamps.com\/index.php\/portfolio\/une-maison-avec-un-toit\/une-maison-libe\/\" class=\"wp-image-2299\" srcset=\"https:\/\/i0.wp.com\/fenetresurchamps.com\/wp-content\/uploads\/1994\/05\/UNE-MAISON-LIBE.jpg?resize=150%2C150&amp;ssl=1 150w, https:\/\/i0.wp.com\/fenetresurchamps.com\/wp-content\/uploads\/1994\/05\/UNE-MAISON-LIBE.jpg?resize=50%2C50&amp;ssl=1 50w, https:\/\/i0.wp.com\/fenetresurchamps.com\/wp-content\/uploads\/1994\/05\/UNE-MAISON-LIBE.jpg?zoom=2&amp;resize=150%2C150&amp;ssl=1 300w, https:\/\/i0.wp.com\/fenetresurchamps.com\/wp-content\/uploads\/1994\/05\/UNE-MAISON-LIBE.jpg?zoom=3&amp;resize=150%2C150&amp;ssl=1 450w\" sizes=\"(max-width: 150px) 100vw, 150px\" data-recalc-dims=\"1\" \/><\/a><\/figure><\/li><li class=\"blocks-gallery-item\"><figure><a href=\"https:\/\/i1.wp.com\/fenetresurchamps.com\/wp-content\/uploads\/1994\/05\/UNE-MAISON-PHOTO1.jpg?ssl=1\"><img data-attachment-id=\"2300\" data-permalink=\"https:\/\/fenetresurchamps.com\/une-maison-photo1\/\" data-orig-file=\"https:\/\/i1.wp.com\/fenetresurchamps.com\/wp-content\/uploads\/1994\/05\/UNE-MAISON-PHOTO1.jpg?fit=1181%2C775&amp;ssl=1\" data-orig-size=\"1181,775\" data-comments-opened=\"1\" data-image-meta=\"{&quot;aperture&quot;:&quot;0&quot;,&quot;credit&quot;:&quot;&quot;,&quot;camera&quot;:&quot;&quot;,&quot;caption&quot;:&quot;&quot;,&quot;created_timestamp&quot;:&quot;0&quot;,&quot;copyright&quot;:&quot;&quot;,&quot;focal_length&quot;:&quot;0&quot;,&quot;iso&quot;:&quot;0&quot;,&quot;shutter_speed&quot;:&quot;0&quot;,&quot;title&quot;:&quot;&quot;,&quot;orientation&quot;:&quot;1&quot;}\" data-image-title=\"Une maison avec un toit\" data-image-description=\"\" data-image-caption=\"\" data-medium-file=\"https:\/\/i1.wp.com\/fenetresurchamps.com\/wp-content\/uploads\/1994\/05\/UNE-MAISON-PHOTO1.jpg?fit=300%2C197&amp;ssl=1\" data-large-file=\"https:\/\/i1.wp.com\/fenetresurchamps.com\/wp-content\/uploads\/1994\/05\/UNE-MAISON-PHOTO1.jpg?fit=1024%2C672&amp;ssl=1\" loading=\"lazy\" width=\"150\" height=\"150\" src=\"https:\/\/i1.wp.com\/fenetresurchamps.com\/wp-content\/uploads\/1994\/05\/UNE-MAISON-PHOTO1.jpg?resize=150%2C150&#038;ssl=1\" alt=\"\" data-id=\"2300\" data-full-url=\"https:\/\/fenetresurchamps.com\/wp-content\/uploads\/1994\/05\/UNE-MAISON-PHOTO1.jpg\" data-link=\"https:\/\/fenetresurchamps.com\/index.php\/portfolio\/une-maison-avec-un-toit\/une-maison-photo1\/\" class=\"wp-image-2300\" srcset=\"https:\/\/i1.wp.com\/fenetresurchamps.com\/wp-content\/uploads\/1994\/05\/UNE-MAISON-PHOTO1.jpg?resize=150%2C150&amp;ssl=1 150w, https:\/\/i1.wp.com\/fenetresurchamps.com\/wp-content\/uploads\/1994\/05\/UNE-MAISON-PHOTO1.jpg?resize=50%2C50&amp;ssl=1 50w, https:\/\/i1.wp.com\/fenetresurchamps.com\/wp-content\/uploads\/1994\/05\/UNE-MAISON-PHOTO1.jpg?zoom=2&amp;resize=150%2C150&amp;ssl=1 300w, https:\/\/i1.wp.com\/fenetresurchamps.com\/wp-content\/uploads\/1994\/05\/UNE-MAISON-PHOTO1.jpg?zoom=3&amp;resize=150%2C150&amp;ssl=1 450w\" sizes=\"(max-width: 150px) 100vw, 150px\" data-recalc-dims=\"1\" \/><\/a><\/figure><\/li><li class=\"blocks-gallery-item\"><figure><a href=\"https:\/\/i0.wp.com\/fenetresurchamps.com\/wp-content\/uploads\/1994\/05\/UNE-MAISON-PHOTO2.jpg?ssl=1\"><img data-attachment-id=\"2301\" data-permalink=\"https:\/\/fenetresurchamps.com\/une-maison-photo2\/\" data-orig-file=\"https:\/\/i0.wp.com\/fenetresurchamps.com\/wp-content\/uploads\/1994\/05\/UNE-MAISON-PHOTO2.jpg?fit=1449%2C978&amp;ssl=1\" data-orig-size=\"1449,978\" data-comments-opened=\"1\" data-image-meta=\"{&quot;aperture&quot;:&quot;0&quot;,&quot;credit&quot;:&quot;&quot;,&quot;camera&quot;:&quot;&quot;,&quot;caption&quot;:&quot;&quot;,&quot;created_timestamp&quot;:&quot;0&quot;,&quot;copyright&quot;:&quot;&quot;,&quot;focal_length&quot;:&quot;0&quot;,&quot;iso&quot;:&quot;0&quot;,&quot;shutter_speed&quot;:&quot;0&quot;,&quot;title&quot;:&quot;&quot;,&quot;orientation&quot;:&quot;1&quot;}\" data-image-title=\"UNE MAISON PHOTO2\" data-image-description=\"\" data-image-caption=\"\" data-medium-file=\"https:\/\/i0.wp.com\/fenetresurchamps.com\/wp-content\/uploads\/1994\/05\/UNE-MAISON-PHOTO2.jpg?fit=300%2C202&amp;ssl=1\" data-large-file=\"https:\/\/i0.wp.com\/fenetresurchamps.com\/wp-content\/uploads\/1994\/05\/UNE-MAISON-PHOTO2.jpg?fit=1024%2C691&amp;ssl=1\" loading=\"lazy\" width=\"150\" height=\"150\" src=\"https:\/\/i0.wp.com\/fenetresurchamps.com\/wp-content\/uploads\/1994\/05\/UNE-MAISON-PHOTO2.jpg?resize=150%2C150&#038;ssl=1\" alt=\"\" data-id=\"2301\" data-full-url=\"https:\/\/fenetresurchamps.com\/wp-content\/uploads\/1994\/05\/UNE-MAISON-PHOTO2.jpg\" data-link=\"https:\/\/fenetresurchamps.com\/index.php\/portfolio\/une-maison-avec-un-toit\/une-maison-photo2\/\" class=\"wp-image-2301\" srcset=\"https:\/\/i0.wp.com\/fenetresurchamps.com\/wp-content\/uploads\/1994\/05\/UNE-MAISON-PHOTO2.jpg?resize=150%2C150&amp;ssl=1 150w, https:\/\/i0.wp.com\/fenetresurchamps.com\/wp-content\/uploads\/1994\/05\/UNE-MAISON-PHOTO2.jpg?resize=50%2C50&amp;ssl=1 50w, https:\/\/i0.wp.com\/fenetresurchamps.com\/wp-content\/uploads\/1994\/05\/UNE-MAISON-PHOTO2.jpg?zoom=2&amp;resize=150%2C150&amp;ssl=1 300w, https:\/\/i0.wp.com\/fenetresurchamps.com\/wp-content\/uploads\/1994\/05\/UNE-MAISON-PHOTO2.jpg?zoom=3&amp;resize=150%2C150&amp;ssl=1 450w\" sizes=\"(max-width: 150px) 100vw, 150px\" data-recalc-dims=\"1\" \/><\/a><\/figure><\/li><li class=\"blocks-gallery-item\"><figure><a href=\"https:\/\/i2.wp.com\/fenetresurchamps.com\/wp-content\/uploads\/1994\/05\/UNE-MAISON-PHOTO3.jpg?ssl=1\"><img data-attachment-id=\"2302\" data-permalink=\"https:\/\/fenetresurchamps.com\/une-maison-photo3\/\" data-orig-file=\"https:\/\/i2.wp.com\/fenetresurchamps.com\/wp-content\/uploads\/1994\/05\/UNE-MAISON-PHOTO3.jpg?fit=1446%2C970&amp;ssl=1\" data-orig-size=\"1446,970\" data-comments-opened=\"1\" data-image-meta=\"{&quot;aperture&quot;:&quot;0&quot;,&quot;credit&quot;:&quot;&quot;,&quot;camera&quot;:&quot;&quot;,&quot;caption&quot;:&quot;&quot;,&quot;created_timestamp&quot;:&quot;0&quot;,&quot;copyright&quot;:&quot;&quot;,&quot;focal_length&quot;:&quot;0&quot;,&quot;iso&quot;:&quot;0&quot;,&quot;shutter_speed&quot;:&quot;0&quot;,&quot;title&quot;:&quot;&quot;,&quot;orientation&quot;:&quot;1&quot;}\" data-image-title=\"UNE MAISON PHOTO3\" data-image-description=\"\" data-image-caption=\"\" data-medium-file=\"https:\/\/i2.wp.com\/fenetresurchamps.com\/wp-content\/uploads\/1994\/05\/UNE-MAISON-PHOTO3.jpg?fit=300%2C201&amp;ssl=1\" data-large-file=\"https:\/\/i2.wp.com\/fenetresurchamps.com\/wp-content\/uploads\/1994\/05\/UNE-MAISON-PHOTO3.jpg?fit=1024%2C687&amp;ssl=1\" loading=\"lazy\" width=\"150\" height=\"150\" src=\"https:\/\/i2.wp.com\/fenetresurchamps.com\/wp-content\/uploads\/1994\/05\/UNE-MAISON-PHOTO3.jpg?resize=150%2C150&#038;ssl=1\" alt=\"\" data-id=\"2302\" data-full-url=\"https:\/\/fenetresurchamps.com\/wp-content\/uploads\/1994\/05\/UNE-MAISON-PHOTO3.jpg\" data-link=\"https:\/\/fenetresurchamps.com\/index.php\/portfolio\/une-maison-avec-un-toit\/une-maison-photo3\/\" class=\"wp-image-2302\" srcset=\"https:\/\/i2.wp.com\/fenetresurchamps.com\/wp-content\/uploads\/1994\/05\/UNE-MAISON-PHOTO3.jpg?resize=150%2C150&amp;ssl=1 150w, https:\/\/i2.wp.com\/fenetresurchamps.com\/wp-content\/uploads\/1994\/05\/UNE-MAISON-PHOTO3.jpg?resize=50%2C50&amp;ssl=1 50w, https:\/\/i2.wp.com\/fenetresurchamps.com\/wp-content\/uploads\/1994\/05\/UNE-MAISON-PHOTO3.jpg?zoom=2&amp;resize=150%2C150&amp;ssl=1 300w, https:\/\/i2.wp.com\/fenetresurchamps.com\/wp-content\/uploads\/1994\/05\/UNE-MAISON-PHOTO3.jpg?zoom=3&amp;resize=150%2C150&amp;ssl=1 450w\" sizes=\"(max-width: 150px) 100vw, 150px\" data-recalc-dims=\"1\" \/><\/a><\/figure><\/li><li class=\"blocks-gallery-item\"><figure><a href=\"https:\/\/i1.wp.com\/fenetresurchamps.com\/wp-content\/uploads\/1994\/05\/UNE-MAISON-TELERAMA.jpg?ssl=1\"><img data-attachment-id=\"2303\" data-permalink=\"https:\/\/fenetresurchamps.com\/une-maison-telerama\/\" data-orig-file=\"https:\/\/i1.wp.com\/fenetresurchamps.com\/wp-content\/uploads\/1994\/05\/UNE-MAISON-TELERAMA.jpg?fit=748%2C1971&amp;ssl=1\" data-orig-size=\"748,1971\" data-comments-opened=\"1\" data-image-meta=\"{&quot;aperture&quot;:&quot;0&quot;,&quot;credit&quot;:&quot;&quot;,&quot;camera&quot;:&quot;&quot;,&quot;caption&quot;:&quot;&quot;,&quot;created_timestamp&quot;:&quot;0&quot;,&quot;copyright&quot;:&quot;&quot;,&quot;focal_length&quot;:&quot;0&quot;,&quot;iso&quot;:&quot;0&quot;,&quot;shutter_speed&quot;:&quot;0&quot;,&quot;title&quot;:&quot;&quot;,&quot;orientation&quot;:&quot;1&quot;}\" data-image-title=\"UNE MAISON TELERAMA\" data-image-description=\"\" data-image-caption=\"\" data-medium-file=\"https:\/\/i1.wp.com\/fenetresurchamps.com\/wp-content\/uploads\/1994\/05\/UNE-MAISON-TELERAMA.jpg?fit=114%2C300&amp;ssl=1\" data-large-file=\"https:\/\/i1.wp.com\/fenetresurchamps.com\/wp-content\/uploads\/1994\/05\/UNE-MAISON-TELERAMA.jpg?fit=389%2C1024&amp;ssl=1\" loading=\"lazy\" width=\"150\" height=\"150\" src=\"https:\/\/i1.wp.com\/fenetresurchamps.com\/wp-content\/uploads\/1994\/05\/UNE-MAISON-TELERAMA.jpg?resize=150%2C150&#038;ssl=1\" alt=\"\" data-id=\"2303\" data-full-url=\"https:\/\/fenetresurchamps.com\/wp-content\/uploads\/1994\/05\/UNE-MAISON-TELERAMA.jpg\" data-link=\"https:\/\/fenetresurchamps.com\/index.php\/portfolio\/une-maison-avec-un-toit\/une-maison-telerama\/\" class=\"wp-image-2303\" srcset=\"https:\/\/i1.wp.com\/fenetresurchamps.com\/wp-content\/uploads\/1994\/05\/UNE-MAISON-TELERAMA.jpg?resize=150%2C150&amp;ssl=1 150w, https:\/\/i1.wp.com\/fenetresurchamps.com\/wp-content\/uploads\/1994\/05\/UNE-MAISON-TELERAMA.jpg?resize=50%2C50&amp;ssl=1 50w, https:\/\/i1.wp.com\/fenetresurchamps.com\/wp-content\/uploads\/1994\/05\/UNE-MAISON-TELERAMA.jpg?zoom=2&amp;resize=150%2C150&amp;ssl=1 300w, https:\/\/i1.wp.com\/fenetresurchamps.com\/wp-content\/uploads\/1994\/05\/UNE-MAISON-TELERAMA.jpg?zoom=3&amp;resize=150%2C150&amp;ssl=1 450w\" sizes=\"(max-width: 150px) 100vw, 150px\" data-recalc-dims=\"1\" \/><\/a><\/figure><\/li><\/ul><\/figure>\n<\/div>\n<\/div>\n","protected":false},"excerpt":{"rendered":"<p>1994, arte<br \/>\n10 minutes<br \/>\ncouleur<br \/>\nPatricia et ses cinq enfants obtiennent un logement social et d\u00e9m\u00e9nagent dans Roubaix. <\/p>\n","protected":false},"author":1,"featured_media":2430,"comment_status":"closed","ping_status":"closed","template":"","meta":{"advanced_seo_description":"","spay_email":""},"jetpack-portfolio-type":[153],"jetpack-portfolio-tag":[],"jetpack-related-posts":[{"id":2467,"url":"https:\/\/fenetresurchamps.com\/index.php\/portfolio\/archimede\/","url_meta":{"origin":2399,"position":0},"title":"Archim\u00e8de","date":"2 mai 2021","format":false,"excerpt":"1999, arte 2x5 minutes couleur Magazine scientifique d'Arte","rel":"","context":"Article similaire","img":{"alt_text":"","src":"https:\/\/i1.wp.com\/fenetresurchamps.com\/wp-content\/uploads\/2021\/05\/logo-arte-2.jpg?fit=425%2C283&ssl=1&resize=350%2C200","width":350,"height":200},"classes":[]},{"id":1477,"url":"https:\/\/fenetresurchamps.com\/index.php\/portfolio\/portfolio-1\/","url_meta":{"origin":2399,"position":1},"title":"Inch&rsquo;allah","date":"27 avril 1987","format":false,"excerpt":"1987 sc\u00e9nario et r\u00e9alisation court-m\u00e9trage N&B et couleur 25 minutes tourn\u00e9 en 16 mm Grand prix du festival d\u2019Epinay Grand prix du festival de Lille Prix du public festival de Dignes...","rel":"","context":"Article similaire","img":{"alt_text":"Roubaix","src":"https:\/\/i2.wp.com\/fenetresurchamps.com\/wp-content\/uploads\/2021\/04\/PHOTO-INCHALLAH.jpg?resize=350%2C200&ssl=1","width":350,"height":200},"classes":[]},{"id":1482,"url":"https:\/\/fenetresurchamps.com\/index.php\/portfolio\/portfolio-2\/","url_meta":{"origin":2399,"position":2},"title":"Hexagone","date":"27 avril 1993","format":false,"excerpt":"1991 collabore au sc\u00e9nario couleur long-m\u00e9trage cin\u00e9ma de Malik Chibane Sorti en salles 1994","rel":"","context":"Article similaire","img":{"alt_text":"","src":"https:\/\/i1.wp.com\/fenetresurchamps.com\/wp-content\/uploads\/2021\/04\/Affiche-Hexagone-e1647775517884.jpg?fit=300%2C400&ssl=1&resize=350%2C200","width":350,"height":200},"classes":[]},{"id":2219,"url":"https:\/\/fenetresurchamps.com\/index.php\/portfolio\/la-vie-de-saint-pierre\/","url_meta":{"origin":2399,"position":3},"title":"La vie de Saint-Pierre","date":"1 mai 1993","format":false,"excerpt":"1993, Plan\u00e8te Tv HI8 17 minutes couleur Com\u00e9die \/ Le march\u00e9 St-Pierre, pr\u00e8s de Barb\u00e8s, \u00e0 Paris.","rel":"","context":"Article similaire","img":{"alt_text":"","src":"https:\/\/i2.wp.com\/fenetresurchamps.com\/wp-content\/uploads\/1993\/05\/La-vie-de-Saint-Pierre.png?fit=1104%2C742&ssl=1&resize=350%2C200","width":350,"height":200},"classes":[]},{"id":2221,"url":"https:\/\/fenetresurchamps.com\/index.php\/portfolio\/a4\/","url_meta":{"origin":2399,"position":4},"title":"A4","date":"1 mai 1989","format":false,"excerpt":"1989 16mm 10 minutes couleur Christian Arnau produit depuis deux ans, chaque jour, un ou plusieurs dessins, sur papier format A4.","rel":"","context":"Article similaire","img":{"alt_text":"","src":"https:\/\/i2.wp.com\/fenetresurchamps.com\/wp-content\/uploads\/1989\/05\/A4-DESSIN-copie.jpg?fit=1200%2C879&ssl=1&resize=350%2C200","width":350,"height":200},"classes":[]},{"id":2461,"url":"https:\/\/fenetresurchamps.com\/index.php\/portfolio\/ca-bouge\/","url_meta":{"origin":2399,"position":5},"title":"\u00e7a bouge","date":"2 mai 2021","format":false,"excerpt":"1993, France Tv 20 minutes couleur CNDP Magazine \"Dedalus\" (pour enfants)","rel":"","context":"Article similaire","img":{"alt_text":"","src":"https:\/\/i2.wp.com\/fenetresurchamps.com\/wp-content\/uploads\/2021\/05\/Capture-decran-2021-05-03-a-15.40.17.png?fit=1189%2C1200&ssl=1&resize=350%2C200","width":350,"height":200},"classes":[]}],"_links":{"self":[{"href":"https:\/\/fenetresurchamps.com\/index.php\/wp-json\/wp\/v2\/jetpack-portfolio\/2399"}],"collection":[{"href":"https:\/\/fenetresurchamps.com\/index.php\/wp-json\/wp\/v2\/jetpack-portfolio"}],"about":[{"href":"https:\/\/fenetresurchamps.com\/index.php\/wp-json\/wp\/v2\/types\/jetpack-portfolio"}],"author":[{"embeddable":true,"href":"https:\/\/fenetresurchamps.com\/index.php\/wp-json\/wp\/v2\/users\/1"}],"replies":[{"embeddable":true,"href":"https:\/\/fenetresurchamps.com\/index.php\/wp-json\/wp\/v2\/comments?post=2399"}],"version-history":[{"count":14,"href":"https:\/\/fenetresurchamps.com\/index.php\/wp-json\/wp\/v2\/jetpack-portfolio\/2399\/revisions"}],"predecessor-version":[{"id":3878,"href":"https:\/\/fenetresurchamps.com\/index.php\/wp-json\/wp\/v2\/jetpack-portfolio\/2399\/revisions\/3878"}],"wp:featuredmedia":[{"embeddable":true,"href":"https:\/\/fenetresurchamps.com\/index.php\/wp-json\/wp\/v2\/media\/2430"}],"wp:attachment":[{"href":"https:\/\/fenetresurchamps.com\/index.php\/wp-json\/wp\/v2\/media?parent=2399"}],"wp:term":[{"taxonomy":"jetpack-portfolio-type","embeddable":true,"href":"https:\/\/fenetresurchamps.com\/index.php\/wp-json\/wp\/v2\/jetpack-portfolio-type?post=2399"},{"taxonomy":"jetpack-portfolio-tag","embeddable":true,"href":"https:\/\/fenetresurchamps.com\/index.php\/wp-json\/wp\/v2\/jetpack-portfolio-tag?post=2399"}],"curies":[{"name":"wp","href":"https:\/\/api.w.org\/{rel}","templated":true}]}}